{"id":195,"date":"2015-02-26T15:56:50","date_gmt":"2015-02-26T15:56:50","guid":{"rendered":"http:\/\/wp\/one-page\/?page_id=11"},"modified":"2021-05-11T12:35:27","modified_gmt":"2021-05-11T12:35:27","slug":"home","status":"publish","type":"page","link":"https:\/\/shoplocal.kanton-reiden.lu\/","title":{"rendered":"Bongen-Aktioun \/ Action bons"},"content":{"rendered":"<div id='fullscreen_slider_1'  class='avia-fullscreen-slider main_color   avia-builder-el-0  el_before_av_section  avia-builder-el-first   container_wrap sidebar_right' style=' '  ><a href='#next-section' title='' class='scroll-down-link av-control-hidden' aria-hidden='true' data-av_icon='\ue877' data-av_iconfont='entypo-fontello'><\/a><div   data-size='extra_large'  data-lightbox_size='large'  data-animation='fade'  data-conditional_play=''  data-ids='394,29,30'  data-video_counter='0'  data-autoplay='true'  data-bg_slider='true'  data-slide_height='100'  data-handle='av_fullscreen'  data-interval='2'  data-class=' '  data-el_id=''  data-css_id='fullscreen_slider_1'  data-scroll_down='aviaTBscroll_down'  data-control_layout='av-control-hidden'  data-custom_markup=''  data-perma_caption='aviaTBperma_caption'  data-autoplay_stopper='1'  data-image_attachment=''  data-min_height='0px'  data-lazy_loading='disabled'  data-stretch=''  data-default-height='100'  class='avia-slideshow avia-slideshow-1 av-slider-scroll-down-active av-control-hidden av-default-height-applied avia-slideshow-extra_large av_fullscreen   avia-fade-slider '  itemprop=\"image\" itemscope=\"itemscope\" itemtype=\"https:\/\/schema.org\/ImageObject\" ><ul class='avia-slideshow-inner ' style='padding-bottom: 48.066666666667%;' ><li style='background-position:center center;' data-img-url='https:\/\/shoplocal.kanton-reiden.lu\/wp-content\/uploads\/2020\/11\/Redange-Grand-Rue-1500x721.jpg' class=' slide-1 ' ><div data-rel='slideshow-1' class='avia-slide-wrap '   ><\/div><\/li><\/ul><div class = \"caption_fullwidth av-slideshow-caption caption_center\"><div class = \"container caption_container\"><div class = \"slideshow_caption\"><div class = \"slideshow_inner_caption\"><div class = \"slideshow_align_caption\"><h2  style='font-size:60px; color:#ffffff; ' class='avia-caption-title  '  itemprop=\"name\" >Aktioun Solidarit\u00e9it<br \/> Kanton R\u00e9iden<\/h2><br\/><a href='https:\/\/gringgo.lu\/fr\/44-commander-des-beki' target=\"_blank\" rel=\"noopener noreferrer\" class='avia-slideshow-button avia-button avia-color-light avia-multi-slideshow-button' data-duration='800' data-easing='easeInOutQuad'>Bong kaafen<\/a><a href='https:\/\/shoplocal.kanton-reiden.lu\/?page_id=245'  class='avia-slideshow-button avia-button avia-color-theme-color avia-multi-slideshow-button avia-slideshow-button-2' data-duration='800' data-easing='easeInOutQuad'>Betriber d\u00e9i matmaachen<\/a><\/div><\/div><\/div><\/div><\/div><\/div><\/div>\n<div id='av_section_1'  class='avia-section main_color avia-section-default avia-no-border-styling  avia-bg-style-scroll  avia-builder-el-1  el_after_av_fullscreen  el_before_av_section   av-minimum-height av-minimum-height-25  container_wrap sidebar_right' style='background-color: rgba(249,249,249,0.52);  '   data-av_minimum_height_pc='25'><div class='container' ><div class='template-page content  av-content-small alpha units'><div class='post-entry post-entry-type-page post-entry-195'><div class='entry-content-wrapper clearfix'>\n<div  class='avia-image-container avia_animated_image avia_animate_when_almost_visible bottom-to-top av-styling-no-styling    avia-builder-el-2  avia-builder-el-no-sibling  logo-center avia-align-center '  itemprop=\"image\" itemscope=\"itemscope\" itemtype=\"https:\/\/schema.org\/ImageObject\"  ><div class='avia-image-container-inner'><div class='avia-image-overlay-wrap'><img class='wp-image-26 avia-img-lazy-loading-not-26 avia_image' src=\"https:\/\/shoplocal.kanton-reiden.lu\/wp-content\/uploads\/2020\/11\/Local-Shoplocal_lu-1030x316.png\" alt='' title='Local Shoplocal_lu' height=\"316\" width=\"1030\"  itemprop=\"thumbnailUrl\" srcset=\"https:\/\/shoplocal.kanton-reiden.lu\/wp-content\/uploads\/2020\/11\/Local-Shoplocal_lu-1030x316.png 1030w, https:\/\/shoplocal.kanton-reiden.lu\/wp-content\/uploads\/2020\/11\/Local-Shoplocal_lu-300x92.png 300w, https:\/\/shoplocal.kanton-reiden.lu\/wp-content\/uploads\/2020\/11\/Local-Shoplocal_lu-768x235.png 768w, https:\/\/shoplocal.kanton-reiden.lu\/wp-content\/uploads\/2020\/11\/Local-Shoplocal_lu-1536x471.png 1536w, https:\/\/shoplocal.kanton-reiden.lu\/wp-content\/uploads\/2020\/11\/Local-Shoplocal_lu-2048x628.png 2048w, https:\/\/shoplocal.kanton-reiden.lu\/wp-content\/uploads\/2020\/11\/Local-Shoplocal_lu-1500x460.png 1500w, https:\/\/shoplocal.kanton-reiden.lu\/wp-content\/uploads\/2020\/11\/Local-Shoplocal_lu-705x216.png 705w\" sizes=\"(max-width: 1030px) 100vw, 1030px\" \/><\/div><\/div><\/div>\n\n<\/div><\/div><\/div><!-- close content main div --><\/div><\/div><div id='portfolio'  class='avia-section main_color avia-section-small avia-no-border-styling  avia-bg-style-scroll  avia-builder-el-3  el_after_av_section  el_before_av_section   container_wrap sidebar_right' style='background-color: rgba(249,249,249,0.52);  '  ><div class='container' ><div class='template-page content  av-content-small alpha units'><div class='post-entry post-entry-type-page post-entry-195'><div class='entry-content-wrapper clearfix'>\n<div class=\"flex_column av_one_fifth  flex_column_div first  avia-builder-el-4  el_before_av_three_fifth  avia-builder-el-first  \" ><\/div><div class=\"flex_column av_three_fifth  flex_column_div av-zero-column-padding   avia-builder-el-5  el_after_av_one_fifth  el_before_av_one_fifth  \" style='border-radius:0px; '><section class=\"av_textblock_section \"  itemscope=\"itemscope\" itemtype=\"https:\/\/schema.org\/CreativeWork\" ><div class='avia_textblock  '   itemprop=\"text\" ><div class=\"page\" title=\"Page 1\">\n<div class=\"layoutArea\">\n<div class=\"column\">\n<p class=\"p1\"><span style=\"color: #333333;\">Den \u00cbmsaz fir d\u00e9i riiseg Onlineplattformen w\u00e4ert d\u00ebst Joer nach m\u00e9i gigantesch ausfalen. D\u2018Angscht virum Virus spillt dem Ganze s\u00e9cherlech an d\u2019Kaarten. Mee wien bezillt de Pr\u00e4is? T\u2018sinn eis regional Betriber d\u00e9i \u00ebnnert deem Boom leiden, an esou och d\u2019Aarbechtsplazen. Betraff ass d\u2019Zukunft vun eise Kollegen, Fr\u00ebnn a Noperen. W\u00e9i k\u00ebnne mir deemno aus dem Boom e Notze z\u00e9ien ouni engem ze schueden? Duerch Solidarit\u00e9it!<\/span><\/p>\n<p><span style=\"color: #333333;\"><em><span class=\"s1\">Une p\u00e9riode sans pr\u00e9c\u00e9dent s\u2019annonce pour les g\u00e9ants des plateformes de vente en ligne. La peur du virus y joue avec certitude un r\u00f4le important. Mais \u00e0 quel prix ? Les perdants sont nos petits commerces,<\/span> ainsi que les emplois qui y sont li\u00e9s<\/em><span class=\"s1\"><em>, donc l\u2019avenir de nos coll\u00e8gues, nos amis, nos voisins. Comment profiter alors de la vente en sans leur nuire ? Par la solidarit\u00e9 !<\/em> <\/span><\/span><\/p>\n<p class=\"p1\"><b>Schenkt solidaresch Kaddosbongen \u00ab\u00a0shop local\u00a0\u00bb<\/b><\/p>\n<p class=\"p1\">De Syndicat Intercommunal &#8220;De R\u00e9idener Kanton&#8221; lanc\u00e9iert zesumme mat senge Partner gringgo s.c (www.gringgo.lu) an De K\u00e4r a.s.b.l (www.beki.lu) d\u2018gemeinsam Plattform\u00a0<span class=\"s1\">www.shoplocal.lu<\/span>. Hei hudd\u00a0Dir nitt n\u00ebmmen den Iwwerbl\u00e9ck vum regionale Commerce mee och d\u2019M\u00e9iglechkeet Online <strong>Kaddosbonge\u00a0\u201eshop local\u201c<\/strong> ze kafen, mam gew\u00ebnschte Betrag a Form vu Bekisch\u00e4iner, sch\u00e9i festlech verpaakt. Eist Regiogeld &#8211; e Synonym fir Solidarit\u00e9it &#8211; g\u00ebtt a ville Gesch\u00e4fter ugeholl. Se b\u00ebnnt d\u2018Kafkraaft un d\u2019Regioun R\u00e9idener Kanton a f\u00ebrdert d\u00e9i regional Wirtschaftskreesleef.\u00a0D\u2019L\u00ebscht vun de Betriber, d\u00e9i de Beki akzept\u00e9ieren, g\u00ebtt reegelm\u00e9isseg aktualis\u00e9iert.<\/p>\n<\/div>\n<p><em>Le Syndicat Intercommunal \u00ab\u00a0De R\u00e9idener Kanton\u00a0\u00bb, ensemble avec ses partenaires gringgo s.c (www.gringgo.lu) et de K\u00e4r a.s.b.l (www.beki.lu) lancent la plateforme commune www.shoplocal.lu, qui permet d\u2019acqu\u00e9rir en ligne des<strong> \u00ab bons cadeaux shop local \u00bb<\/strong>, joliment pr\u00e9sent\u00e9s dans un emballage festif, contenant la somme de votre choix sous forme de billets \u00ab Beki \u00bb. Notre argent r\u00e9gional &#8211; un synonyme pour la solidarit\u00e9, est accept\u00e9 dans une multitude de commerces. Il lie le pouvoir d\u2019achat et promeut le circuit \u00e9conomique r\u00e9gional. La liste de nos commerces participants est constamment mise \u00e0 jour.<\/em><\/p>\n<div class=\"column\"><\/div>\n<\/div>\n<div class=\"layoutArea\">\n<div class=\"column\"><\/div>\n<\/div>\n<\/div>\n<\/div><\/section><\/div><div class=\"flex_column av_one_fifth  flex_column_div   avia-builder-el-7  el_after_av_three_fifth  avia-builder-el-last  \" ><\/div>\n\n<\/div><\/div><\/div><!-- close content main div --><\/div><\/div><div id='about'  class='avia-section alternate_color avia-section-default avia-no-border-styling  avia-bg-style-scroll  avia-builder-el-8  el_after_av_section  el_before_av_section   container_wrap sidebar_right' style='background-color: rgba(249,249,249,0.52);  '  ><div class='container' ><div class='template-page content  av-content-small alpha units'><div class='post-entry post-entry-type-page post-entry-195'><div class='entry-content-wrapper clearfix'>\n<div class=\"flex_column av_one_fifth  flex_column_div first  avia-builder-el-9  el_before_av_three_fifth  avia-builder-el-first  \" ><\/div><div class=\"flex_column av_three_fifth  flex_column_div   avia-builder-el-10  el_after_av_one_fifth  el_before_av_one_fifth  \" ><div  class='avia-buttonrow-wrap avia-buttonrow-center   avia-builder-el-11  avia-builder-el-no-sibling '>\n<a href='https:\/\/gringgo.lu\/fr\/44-commander-des-beki' class='avia-button  avia-color-theme-color  avia-icon_select-no avia-size-x-large ' target=\"_blank\" rel=\"noopener noreferrer\" style='margin-bottom:10px; margin-left:5px; margin-right:5px; '><span class='avia_iconbox_title' >e Bong kafen \/ acheter un bon<\/span><\/a>\n<a href='https:\/\/shoplocal.kanton-reiden.lu\/?page_id=245'  class='avia-button  avia-color-theme-color  avia-icon_select-no avia-size-x-large '  style='margin-bottom:10px; margin-left:5px; margin-right:5px; ' ><span class='avia_iconbox_title' >Betriber d\u00e9i matmaachen \/ commerces participants<\/span><\/a>\n<\/div><\/div><div class=\"flex_column av_one_fifth  flex_column_div   avia-builder-el-12  el_after_av_three_fifth  avia-builder-el-last  \" ><\/div>\n\n<\/div><\/div><\/div><!-- close content main div --><\/div><\/div><div id='about'  class='avia-section alternate_color avia-section-default avia-no-border-styling  avia-bg-style-scroll  avia-builder-el-13  el_after_av_section  el_before_av_masonry_gallery   container_wrap sidebar_right' style='background-color: #ffffff;  '  ><div class='container' ><div class='template-page content  av-content-small alpha units'><div class='post-entry post-entry-type-page post-entry-195'><div class='entry-content-wrapper clearfix'>\n<div class=\"flex_column av_one_fifth  flex_column_div first  avia-builder-el-14  el_before_av_three_fifth  avia-builder-el-first  \" ><\/div><div class=\"flex_column av_three_fifth  flex_column_div   avia-builder-el-15  el_after_av_one_fifth  el_before_av_one_fifth  \" ><section class=\"av_textblock_section \"  itemscope=\"itemscope\" itemtype=\"https:\/\/schema.org\/CreativeWork\" ><div class='avia_textblock  '   itemprop=\"text\" ><h5 class=\"p1\"><b>Un all d\u2019Betriber am Kanton, maacht mat.<\/b><\/h5>\n<p class=\"p1\"><span style=\"color: #808080;\">Ass \u00e4re Betrib nitt op der L\u00ebscht oder op\u00a0<span class=\"s1\">www.shoplocal.lu<\/span>, an Dir w\u00e9ilt awer\u00a0g\u00e4re matmaachen, da kontakt\u00e9iert eis via Mail op <a style=\"color: #808080;\" href=\"mailto:shoplocal@kanton-reiden.lu\">shoplocal@kanton-reiden.lu<\/a>. T\u2019ass nitt erfuerdert Member ze si\u00a0beim De K\u00e4r a.s.b.l oder Kooperateur ze si\u00a0bei gringgo.s.c.<\/span><\/p>\n<h5 class=\"p1\"><span class=\"s1\"><b><i>Commerces, rejoignez gratuitement l\u2019action \u00ab\u00a0shop local\u00a0\u00bb<\/i><\/b><i><\/i><\/span><\/h5>\n<p><span style=\"color: #808080;\"><i>S<\/i><i>i votre commerce ne figure pas sur cette liste ou sur <\/i><span class=\"s2\"><i>www.shoplocal.lu<\/i><\/span><i>, et que vous d\u00e9sirez y participer, contactez-nous\u00a0: <\/i><a style=\"color: #808080;\" href=\"mailto:shoplocal@kanton-reiden.lu\"><span class=\"s3\">shoplocal@kanton-reiden.lu<\/span><\/a><b><i> <\/i><\/b><\/span><i><span style=\"color: #808080;\">Aucune obligation d\u2019\u00eatre membre chez l\u2019a.s.b.l De K\u00e4r, ni coop\u00e9rateur chez gringgo.s.c.<\/span> <\/i><\/p>\n<\/div><\/section><br \/>\n<section class=\"av_textblock_section \"  itemscope=\"itemscope\" itemtype=\"https:\/\/schema.org\/CreativeWork\" ><div class='avia_textblock  '   itemprop=\"text\" ><p><span style=\"color: #808080;\">Eng Aktioun vum R\u00e9idener Kanton zesumme mat senge Partner gringgo s.c an De K\u00e4r a.s.b.l.<\/span><\/p>\n<p><span style=\"color: #808080;\"><em>Une action du \u00ab De R\u00e9idener Kanton \u00bb, ensemble avec ses partenaires gringgo s.c et de K\u00e4r a.s.b.l.<\/em><\/span><\/p>\n<\/div><\/section><br \/>\n<div   data-autoplay='false'  data-interval='5'  data-animation='slide'  class='avia-logo-element-container av-border-deactivate avia-logo-grid avia-content-slider avia-smallarrow-slider avia-content-grid-active noHover avia-content-slider1 avia-content-slider-odd  avia-builder-el-18  el_after_av_textblock  avia-builder-el-last  ' ><div class='avia-smallarrow-slider-heading  no-logo-slider-heading '><div class='new-special-heading'>&nbsp;<\/div><\/div><div class='avia-content-slider-inner'><div class='slide-entry-wrap' ><div  class='slide-entry flex_column no_margin post-entry slide-entry-overview slide-loop-1 slide-parity-odd  av_one_third first real-thumbnail'><a href='https:\/\/kanton-reiden.lu\/' data-rel='slide-1' class='slide-image' title='' target=\"_blank\" rel=\"noopener noreferrer\"><span class='av-partner-fake-img' style='padding-bottom:56.21359223301%; background-image:url(https:\/\/shoplocal.kanton-reiden.lu\/wp-content\/uploads\/2020\/11\/KANTON_LOGO-1030x579.png);'><\/span><\/a><\/div><div  class='slide-entry flex_column no_margin post-entry slide-entry-overview slide-loop-2 slide-parity-even  av_one_third  real-thumbnail'><a href='https:\/\/gringgo.lu\/fr\/' data-rel='slide-1' class='slide-image' title='' target=\"_blank\" rel=\"noopener noreferrer\"><span class='av-partner-fake-img' style='padding-bottom:56.21359223301%; background-image:url(https:\/\/shoplocal.kanton-reiden.lu\/wp-content\/uploads\/2020\/11\/gringgo-logo-1572007420.jpg);'><\/span><\/a><\/div><div  class='slide-entry flex_column no_margin post-entry slide-entry-overview slide-loop-3 slide-parity-odd  post-entry-last  av_one_third  real-thumbnail'><a href='http:\/\/www.beki.lu\/index.php\/fr' data-rel='slide-1' class='slide-image' title='' target=\"_blank\" rel=\"noopener noreferrer\"><span class='av-partner-fake-img' style='padding-bottom:56.21359223301%; background-image:url(https:\/\/shoplocal.kanton-reiden.lu\/wp-content\/uploads\/2020\/11\/Beki-1.jpg);'><\/span><\/a><\/div><\/div><\/div><\/div><\/p><\/div><div class=\"flex_column av_one_fifth  flex_column_div   avia-builder-el-19  el_after_av_three_fifth  avia-builder-el-last  \" ><\/div><div id='av-masonry-1' class='av-masonry  noHover av-fixed-size av-no-gap av-hover-overlay-active av-masonry-animation-active av-masonry-col-3 av-caption-always av-caption-style- av-masonry-gallery     '  ><div class='av-masonry-container isotope av-js-disabled ' ><div class='av-masonry-entry isotope-item av-masonry-item-no-image '><\/div><a href=\"https:\/\/shoplocal.kanton-reiden.lu\/wp-content\/uploads\/2020\/11\/useldange1-1030x630.jpg\"  aria-label=\"image Useldeng &#8220;Collection priv\u00e9e Tony Glaesener&#8221;\"  id='av-masonry-1-item-34' data-av-masonry-item='34' class='av-masonry-entry isotope-item post-34 attachment type-attachment status-inherit hentry  av-masonry-item-with-image' title=\"Useldeng &#8220;Collection priv\u00e9e Tony Glaesener&#8221;\" alt=\"Useldeng &quot;Collection priv\u00e9e Tony Glaesener&quot;\"   itemprop=\"thumbnailUrl\" ><div class='av-inner-masonry-sizer'><\/div><figure class='av-inner-masonry main_color'><div class=\"av-masonry-outerimage-container\"><div class=\"av-masonry-image-container\" style=\"background-image: url(https:\/\/shoplocal.kanton-reiden.lu\/wp-content\/uploads\/2020\/11\/useldange1-705x431.jpg);\" title=\"Useldeng &#8220;Collection priv\u00e9e Tony Glaesener&#8221;\"  alt=\"Useldeng &quot;Collection priv\u00e9e Tony Glaesener&quot;\" ><\/div><\/div><\/figure><\/a><!--end av-masonry entry--><a href=\"https:\/\/shoplocal.kanton-reiden.lu\/wp-content\/uploads\/2020\/11\/redange1-1030x645.jpg\"  aria-label=\"image R\u00e9iden &#8220;Collection priv\u00e9e Tony Glaesener&#8221;\"  id='av-masonry-1-item-33' data-av-masonry-item='33' class='av-masonry-entry isotope-item post-33 attachment type-attachment status-inherit hentry  av-masonry-item-with-image' title=\"R\u00e9iden &#8220;Collection priv\u00e9e Tony Glaesener&#8221;\" alt=\"R\u00e9iden &quot;Collection priv\u00e9e Tony Glaesener&quot;\"   itemprop=\"thumbnailUrl\" ><div class='av-inner-masonry-sizer'><\/div><figure class='av-inner-masonry main_color'><div class=\"av-masonry-outerimage-container\"><div class=\"av-masonry-image-container\" style=\"background-image: url(https:\/\/shoplocal.kanton-reiden.lu\/wp-content\/uploads\/2020\/11\/redange1-705x441.jpg);\" title=\"R\u00e9iden &#8220;Collection priv\u00e9e Tony Glaesener&#8221;\"  alt=\"R\u00e9iden &quot;Collection priv\u00e9e Tony Glaesener&quot;\" ><\/div><\/div><\/figure><\/a><!--end av-masonry entry--><a href=\"https:\/\/shoplocal.kanton-reiden.lu\/wp-content\/uploads\/2020\/11\/rambrouch1-1030x656.jpg\"  aria-label=\"image Rammerech &#8220;Collection priv\u00e9e Tony Glaesener&#8221;\"  id='av-masonry-1-item-32' data-av-masonry-item='32' class='av-masonry-entry isotope-item post-32 attachment type-attachment status-inherit hentry  av-masonry-item-with-image' title=\"Rammerech &#8220;Collection priv\u00e9e Tony Glaesener&#8221;\" alt=\"Rammerech &quot;Collection priv\u00e9e Tony Glaesener&quot;\"   itemprop=\"thumbnailUrl\" ><div class='av-inner-masonry-sizer'><\/div><figure class='av-inner-masonry main_color'><div class=\"av-masonry-outerimage-container\"><div class=\"av-masonry-image-container\" style=\"background-image: url(https:\/\/shoplocal.kanton-reiden.lu\/wp-content\/uploads\/2020\/11\/rambrouch1-705x449.jpg);\" title=\"Rammerech &#8220;Collection priv\u00e9e Tony Glaesener&#8221;\"  alt=\"Rammerech &quot;Collection priv\u00e9e Tony Glaesener&quot;\" ><\/div><\/div><\/figure><\/a><!--end av-masonry entry--><\/div><\/div><\/p>\n\n","protected":false},"excerpt":{"rendered":"","protected":false},"author":1,"featured_media":0,"parent":0,"menu_order":0,"comment_status":"open","ping_status":"closed","template":"","meta":[],"_links":{"self":[{"href":"https:\/\/shoplocal.kanton-reiden.lu\/index.php?rest_route=\/wp\/v2\/pages\/195"}],"collection":[{"href":"https:\/\/shoplocal.kanton-reiden.lu\/index.php?rest_route=\/wp\/v2\/pages"}],"about":[{"href":"https:\/\/shoplocal.kanton-reiden.lu\/index.php?rest_route=\/wp\/v2\/types\/page"}],"author":[{"embeddable":true,"href":"https:\/\/shoplocal.kanton-reiden.lu\/index.php?rest_route=\/wp\/v2\/users\/1"}],"replies":[{"embeddable":true,"href":"https:\/\/shoplocal.kanton-reiden.lu\/index.php?rest_route=%2Fwp%2Fv2%2Fcomments&post=195"}],"version-history":[{"count":92,"href":"https:\/\/shoplocal.kanton-reiden.lu\/index.php?rest_route=\/wp\/v2\/pages\/195\/revisions"}],"predecessor-version":[{"id":558,"href":"https:\/\/shoplocal.kanton-reiden.lu\/index.php?rest_route=\/wp\/v2\/pages\/195\/revisions\/558"}],"wp:attachment":[{"href":"https:\/\/shoplocal.kanton-reiden.lu\/index.php?rest_route=%2Fwp%2Fv2%2Fmedia&parent=195"}],"curies":[{"name":"wp","href":"https:\/\/api.w.org\/{rel}","templated":true}]}}